{"id":1082,"date":"2019-08-20T11:04:54","date_gmt":"2019-08-20T09:04:54","guid":{"rendered":"http:\/\/jcmaisse.fr\/?page_id=1082"},"modified":"2019-08-20T11:08:46","modified_gmt":"2019-08-20T09:08:46","slug":"2018-2019","status":"publish","type":"page","link":"https:\/\/jcmaisse.fr\/index.php\/archives\/2018-2019\/","title":{"rendered":"2018\/2019"},"content":{"rendered":"\n<table>\n<tbody>\n<tr>\n<td>\n<h2>SORTIE DU 19 JUIN 2019<\/h2>\n\nLe Judo Club Maissois organise le 19 Juin 2019 une sortie pour ses judokas n\u00e9(e)s entre 2015 et 2007 une sortie au parc BabyLand de Saint-Pierre Du Perray.\n<p>\nLe Club prend en charge le transport qui s\u2019effectuera en bus du gymnase de Maisse au parc d\u2019attraction et en sens inverse pour le retour.\n<p>\nIl restera \u00e0 votre charge le paiement de l\u2019entr\u00e9e du parc pour un montant de 12 \u20ac ainsi que le repas du midi et les boissons.\nLe nombre de place \u00e9tant limit\u00e9es c\u2019est le paiement qui validera l\u2019inscription de votre enfant.\n<p>\nAfin de faciliter la gestion des inscriptions le paiement s\u2019effectuera uniquement par carte bancaire \u00e0 l\u2019adresse suivante : <a href=\"https:\/\/www.e-cotiz.com\/app\/site\/10361-JCMSortieEnfance20190619\">https:\/\/www.e-cotiz.com\/app\/site\/10361-JCMSortieEnfance20190619<\/a>\n<br>Ou directement dans le formulaire ci-dessous.\n<p><b>\nUne fois le nombre de places (75), atteint les inscriptions seront automatiquement closes et le lien ci-dessus ne sera plus accessible. <\/b>\n<p>\nDans le cas o\u00f9 vous n\u2019auriez pas acc\u00e8s \u00e0 internet ou pas de carte bancaire, il vous faudra alors donner au professeur le r\u00e8glement en liquide et c\u2019est celui-ci qui aura la responsabilit\u00e9 d\u2019effectuer la r\u00e9servation via internet.\n<p>\nToute r\u00e9servation est ferme et d\u00e9finitive, aucun remboursement ne sera effectu\u00e9.\n<p>\nD\u00e9part au gymnase de Maisse \u00e0 09h00 Retour au gymnase de Maisse vers 18h00.\nPour plus d\u2019informations merci de contacter les professeurs.\n<p>\nLe Bureau du JCM\n\n<p>\n<iframe loading=\"lazy\" src=\"https:\/\/www.e-cotiz.com\/app\/site\/mawidget?c=10361&#038;widget=true&#038;bt_color=008df6\" height=\"100%\" width=\"100%\"><\/iframe>\n<\/td>\n<\/tr>\n\n<tr>\n<td>\n\n<a href=\"https:\/\/i0.wp.com\/jcmaisse.fr\/wp-content\/uploads\/2019\/05\/FlyerBrocante.jpg?ssl=1\" rel=\"attachment wp-att-529\"><img data-recalc-dims=\"1\" height=\"678\" width=\"678\" decoding=\"async\" data-attachment-id=\"529\" data-permalink=\"https:\/\/jcmaisse.fr\/index.php\/acceuil\/sans-titre-8\/\" data-orig-file=\"https:\/\/i0.wp.com\/jcmaisse.fr\/wp-content\/uploads\/2018\/09\/Sans-titre-1.jpg?fit=1440%2C719&amp;ssl=1\" data-orig-size=\"1440,719\" data-comments-opened=\"1\" data-image-meta=\"{&quot;aperture&quot;:&quot;0&quot;,&quot;credit&quot;:&quot;&quot;,&quot;camera&quot;:&quot;&quot;,&quot;caption&quot;:&quot;&quot;,&quot;created_timestamp&quot;:&quot;0&quot;,&quot;copyright&quot;:&quot;&quot;,&quot;focal_length&quot;:&quot;0&quot;,&quot;iso&quot;:&quot;0&quot;,&quot;shutter_speed&quot;:&quot;0&quot;,&quot;title&quot;:&quot;&quot;,&quot;orientation&quot;:&quot;0&quot;}\" data-image-title=\"Sans titre\" data-image-description=\"\" data-image-caption=\"\" data-large-file=\"https:\/\/i0.wp.com\/jcmaisse.fr\/wp-content\/uploads\/2018\/09\/Sans-titre-1.jpg?fit=678%2C338&amp;ssl=1\" class=\"aligncenter size-large wp-image-529\" src=\"https:\/\/i0.wp.com\/jcmaisse.fr\/wp-content\/uploads\/2019\/05\/FlyerBrocante.jpg?fit=678%2C678&#038;ssl=1\" ><\/a>\n\n<\/td>\n<\/tr>\n\n<tr>\n<td>\n<h2>05\/05\/2019Tournoi R\u00e9gional Ile de France Minimes par Equipes de Ligues \u00e0 Br\u00e9tigny sur Orge<\/h2>\n<p>\n\nF\u00e9licitations \u00e0 Antoine pour sa s\u00e9lection et sa participation dans l\u2019\u00e9quipe 1 de la Ligue de l\u2019Essonne !\n<br>F\u00e9licitations \u00e9galement \u00e0 Est\u00e9ban, ancien judoka Maissois !\n<br>L\u2019\u00e9quipe se classe 1\u00e8re de sa poule, puis perd au 1er tour de tableau contre la ligue de Seine et Marne.\n<\/td>\n<\/tr>\n<tr>\n<td>\n<h2>07\/04\/2019-Crit\u00e9rium Benjamin(e)s \u00e0 St Michel sur Orge<\/h2>\n<p>\nChez les gar\u00e7ons :\n<ul>\n<li>-29 : Est\u00e9ban UDO : 3\u00e8me et s\u00e9lectionn\u00e9 pour les IDF du 26 Mai\n<\/li>\n<li>-30 : Nathan JEAMBEAU : 7\u00e8me<\/li>\n<li>-46 : Benjamin JOLY : 7\u00e8me<\/li>\n<li>-46 : Samian TOUTAIN : NC<\/li>\n<li>-55 : Samuel CHANCUL LECLERC : NC<\/li>\n<\/ul>\nDifficile parcours pour nos gar\u00e7ons, tous 1\u00e8re ann\u00e9e, mais belle exp\u00e9rience d&rsquo;une premi\u00e8re comp\u00e9tition d&rsquo;un niveau sup\u00e9rieur. Nathan et Benjamin (dans une cat\u00e9gorie ou il y avait beaucoup de monde) n&rsquo;\u00e9taient pas loin de la qualification aux IDF. On se remet au travail dans l&rsquo;objectif de faire encore mieux l&rsquo;ann\u00e9e prochaine !\n<p>\n<p>\nChez les filles :\n<ul>\n<li>-29 : Lilou TESSIER : 5\u00e8me<\/li>\n<li>-48 : Valeska VOLTAIRE : 2\u00e8me et s\u00e9lectionn\u00e9e pour les IDF du 26 Mai<\/li>\n<li>52 : Eline MARCILLE : NC<\/li>\n<li>-46 : Samian TOUTAIN : NC<\/li>\n<li>-63 : Victoria JAULME : 1\u00e8re et s\u00e9lectionn\u00e9e pour les IDF du 26 Mai.<\/li>\n<\/ul>\n<\/td>\n<\/tr>\n<tr>\n<td>\n<h2>06\/04\/2019-Animation Poussins \/ Poussines \u00e0 Br\u00e9tigny sur Orge<\/h2>\n<p>\nAu programme de la demi-journ\u00e9e :\n<br>\nEchauffement dirig\u00e9 par des Athl\u00e8tes de Haut Niveau dont David Larose, ancien judoka maissois, randoris, ateliers Chambara et athl\u00e9tisme, d\u00e9monstrations&#8230;\n<br>\nMerci \u00e0 Yana\u00eblle, Hannah, Nolween, Louise, Aurane, Maelys, Ethan et Louis pour leur participation !\n<\/td>\n<\/tr>\n<tr>\n<td>\n<h2>23\/03\/2019-Circuit ceintures de couleurs Cadets\/Cadettes \u00e0 Br\u00e9tigny sur Orge<\/h2>\n<p>\n<ul>\n<li>-52 : Emma Letellier : 3\u00e8me<\/li>\n<li>+70 : Laur\u00e9na Larglantier : 1\u00e8re<\/li>\n<\/ul>\n<\/td>\n<\/tr>\n<\/tr>\n\n<tr>\n<td>\n<h2>17\/03\/2019-Challenge de Breuillet<\/h2>\n<p>\n<ul>\n<li>Ilan DILO 1er<\/li>\n<li>Ethan LECHON 1er<\/li>\n<li>Mylan PASCO 1er<\/li>\n<li>Ethan DOBEL 1er<\/li>\n<li>Marlon DUPERCHE 3\u00e8me<\/li>\n<li>Eliot SARAZIN 3\u00e8me<\/li>\n<li>Liz\u00e9a MONTELLA 1\u00e8re<\/li>\n<li>Hannah HONVO 1\u00e8re<\/li>\n<li>Yana\u00eblle VOLTAIRE 2\u00e8me<\/li>\n<li>Ma\u00eblys PEREZ 2\u00e8me<\/li>\n<li>Ethan HARDY 3\u00e8me<\/li>\n<li>Thomas CHALLEIL 3\u00e8me<\/li>\n<\/ul>\n<\/td>\n<\/tr>\n<tr>\n<td>\n<h2>17\/03\/2019-Coupe Individuelle \u00cele de France MINIMES \u00e0 VILLEBON SUR YVETTE<\/h2>\n<p>\n<ul>\n<li>Susie MONTAGNE : NC<\/li>\n<li>Antoine DEMAILLY : NC<\/li>\n<li>Damien JOLY : <\/li>\n<\/ul>\n<\/td>\n<\/tr>\n<\/tr>\n<tr>\n<td>\n<h2>26\/01\/2019-Tournoi Interd\u00e9partemental Benjamin(e)s ST DIZIER<\/h2>\n<p>\nAu total : 48 clubs et 203 participants.\n<p>\nLe Judo Club Maissois a fait le d\u00e9placement en car, en association avec le Judo Club de Milly et le Judo Club de Boutigny. Au total 23 enfants (11 de Maisse, 7 de Milly et 5 de Boutigny).\n<p>\nBelle comp\u00e9tition, beaux combats, bel \u00e9tat d\u2019esprit et rapprochement des clubs positif.\n<p>\nVoici les r\u00e9sultats des Maissois :\n<ul>\n<li>-44 : Valeska : 1\u00e8re de sa poule et 2\u00e8me en tableau<\/li>\n<li>-48 : Eline : 3\u00e8me<\/li>\n<li>-52 : Ma\u00efssa : 3\u00e8me de sa poule, ne sort pas en tableau<\/li>\n<li>-57 : Victoria : 1\u00e8re<\/li>\n<li>-30 : Esteban : 2\u00e8me de sa poule et NC en tableau<\/li>\n<li>-30 : Nathan : 2\u00e8me de sa poule et NC en tableau<\/li>\n<li>-34 : Markus : 1er de sa poule et NC en tableau<\/li>\n<li>-38 : Romain : 3\u00e8me de sa poule, ne sort pas en tableau<\/li>\n<li>-46 : Samian : 3\u00e8me de sa poule, ne sort pas en tableau<\/li>\n<li>-46 : Benjamin : 3\u00e8me de sa poule, ne sort pas en tableau<\/li>\n<li>-55 : Samuel : 2\u00e8me<\/li>\n<\/ul>\n<\/td>\n<\/tr>\n<tr>\n<td>\n<h2>20\/01\/2019-Secteur 2 Benjamin(e)s BRETIGNY SUR ORGE<\/h2>\n<p>\nChez les filles :\n<ul>\n<li>&#8211; 29 : Lilou Tessier : 3\u00e8me<\/li>\n<li>&#8211; 52 : Eline MARCILLE : 1\u00e8re<\/li>\n<li>&#8211; 57 : Victoria JAULME : 1\u00e8re<\/li>\n<\/ul>\n<p>\nChez les gar\u00e7ons :\n<ul>\n<li>-27 : Esteban UDO : 3\u00e8me<\/li>\n<li>-30 : Nathan JEAMBEAU : 3\u00e8me<\/li>\n<li>-46 : Samian TOUTAIN : NC<\/li>\n<li>-46 : Benjamin JOLY : NC<\/li>\n<li>-55 : Samuel CHANCLUD LECLERC : NC<\/li>\n<\/ul>\n<\/td>\n<\/tr>\n<tr>\n<td>\n<h2>19\/01\/2019-Ceintures de Couleurs BRETIGNY SUR ORGE<\/h2>\n<p>\nChez les Juniors :\n<ul>\n<li>&#8211; 55 : K\u00e9vin ALVAREZ : NC<\/li>\n<li>&#8211; 66 : Mathis SABOT : 1er<\/li>\n<\/ul>\n<p>\nChez les Cadettes :\n<ul>\n<li>&#8211; 63 : Flora MARCILLE : 3\u00e8me<\/li>\n<li>+ 70 : Laur\u00e9na LARGLANTIER : 1\u00e8re<\/li>\n<\/ul>\n<\/td>\n<\/tr>\n<tr>\n<td>\n<h2>16\/01\/2019-Regroupement Minimes\/Cadets BRETIGNY SUR ORGE<\/h2>\n<p>\nF\u00e9licitations \u00e0 Antoine Demailly pour sa participation.\n<\/td>\n<\/tr>\n<tr>\n<td>\n<h2>23\/12\/2018-Tournoi Minimes LABEL A TROYES<\/h2>\n<p>Antoine DEMAILLY termine 5\u00e8me du tournoi Minimes LABEL A de TROYES.<\/p>\n<p>Antoine \u00e9tait s\u00e9lectionn\u00e9 par le Comit\u00e9 de Judo de l\u2019Essonne pour participer \u00e0 ce tournoi d\u2019un bon niveau.<\/p>\n<p>BRAVO Antoine !<\/p>\n<\/td>\n<\/tr>\n<tr>\n<td>\n<h2>16\/12\/2018-Tournoi de Pithiviers<\/h2>\n<p><strong>Poussins :<\/strong><\/p>\n<ul>\n<li>Hannah HONVO 1\u00e8re<\/li>\n<li>Maelys PEREZ 1\u00e8re<\/li>\n<li>Nolween BETTON 1\u00e8re<\/li>\n<li>Mathys JAULME 1er<\/li>\n<li>M\u00e9lanie RIDARCH 2\u00e8me<\/li>\n<li>Yannaelle VOLTAIRE 2\u00e8me<\/li>\n<li>Lizea MONTELLA 2\u00e8me<\/li>\n<li>Ethan HARDY 3\u00e8me<\/li>\n<li>Louis PRO 5\u00e8me<\/li>\n<li>Emilie OUHAMED 6\u00e8me<\/li>\n<\/ul>\n<p><strong>Benjamins :<\/strong><\/p>\n<ul>\n<li>Valeska VOLTAIRE 1\u00e8re<\/li>\n<li>Victoria JAULME 3\u00e8me<\/li>\n<li>JEAMBEAU Nathan 3\u00e8me<\/li>\n<li>vRomain PENOIT MAZEAU 4\u00e8me<\/li>\n<li>Samian TOUTAIN 4\u00e8me<\/li>\n<\/ul>\n<\/td>\n<\/tr>\n<tr>\n<td>\n<h2>15\/12\/2018-Animation de Noel des enfants<\/h2>\n<p>Belle matin\u00e9e ce samedi 15 D\u00e9cembre avec l\u2019animation des petits judokas de Maisse et la section d\u2019Oncy sur Ecole, de Courances, de Valpuiseaux et quelques enfants de Milly la For\u00eat et de Boutigny.<\/p>\n<p>Bravo \u00e0 tous et toutes pour votre participation !<\/p>\n<\/td>\n<\/tr>\n<tr>\n<td>\n<h2>24\/11\/2018-Sortie Taiso<\/h2>\n<style type=\"text\/css\">\n#foogallery-gallery-782 .fg-image { width: 150px; }\n#foogallery-gallery-782 { --fg-gutter: 10px; }<\/style>\n\t\t\t<div class=\"foogallery foogallery-container foogallery-default foogallery-lightbox-foobox fg-center fg-default fg-ready fg-light fg-border-thin fg-shadow-outline fg-loading-default fg-loaded-fade-in fg-caption-hover fg-hover-fade fg-hover-zoom\" id=\"foogallery-gallery-782\" data-foogallery=\"{&quot;item&quot;:{&quot;showCaptionTitle&quot;:true,&quot;showCaptionDescription&quot;:true},&quot;lazy&quot;:true}\" style=\"--fg-title-line-clamp: 0; --fg-description-line-clamp: 0;\" >\n\t<div class=\"fg-item fg-type-image fg-idle\"><figure class=\"fg-item-inner\"><a href=\"https:\/\/jcmaisse.fr\/wp-content\/uploads\/2018\/11\/20181124_212817.jpg\" data-attachment-id=\"779\" data-type=\"image\" class=\"fg-thumb\"><span class=\"fg-image-wrap\"><img decoding=\"async\" width=\"150\" height=\"150\" class=\"skip-lazy fg-image\" data-src-fg=\"https:\/\/jcmaisse.fr\/wp-content\/uploads\/cache\/2018\/11\/20181124_212817\/874801074.jpg\" src=\"data:image\/svg+xml,%3Csvg%20xmlns%3D%22http%3A%2F%2Fwww.w3.org%2F2000%2Fsvg%22%20width%3D%22150%22%20height%3D%22150%22%20viewBox%3D%220%200%20150%20150%22%3E%3C%2Fsvg%3E\" loading=\"eager\"><\/span><span class=\"fg-image-overlay\"><\/span><\/a><\/figure><div class=\"fg-loader\"><\/div><\/div><div class=\"fg-item fg-type-image fg-idle\"><figure class=\"fg-item-inner\"><a href=\"https:\/\/jcmaisse.fr\/wp-content\/uploads\/2018\/11\/Resized_20181124_19022011.jpg\" data-attachment-id=\"784\" data-type=\"image\" class=\"fg-thumb\"><span class=\"fg-image-wrap\"><img decoding=\"async\" width=\"150\" height=\"150\" class=\"skip-lazy fg-image\" data-src-fg=\"https:\/\/jcmaisse.fr\/wp-content\/uploads\/cache\/2018\/11\/Resized_20181124_19022011\/3722015381.jpg\" src=\"data:image\/svg+xml,%3Csvg%20xmlns%3D%22http%3A%2F%2Fwww.w3.org%2F2000%2Fsvg%22%20width%3D%22150%22%20height%3D%22150%22%20viewBox%3D%220%200%20150%20150%22%3E%3C%2Fsvg%3E\" loading=\"eager\"><\/span><span class=\"fg-image-overlay\"><\/span><\/a><\/figure><div class=\"fg-loader\"><\/div><\/div><div class=\"fg-item fg-type-image fg-idle\"><figure class=\"fg-item-inner\"><a href=\"https:\/\/jcmaisse.fr\/wp-content\/uploads\/2018\/11\/Resized_20181124_19012721.jpg\" data-attachment-id=\"785\" data-type=\"image\" class=\"fg-thumb\"><span class=\"fg-image-wrap\"><img decoding=\"async\" width=\"150\" height=\"150\" class=\"skip-lazy fg-image\" data-src-fg=\"https:\/\/jcmaisse.fr\/wp-content\/uploads\/cache\/2018\/11\/Resized_20181124_19012721\/3043118423.jpg\" src=\"data:image\/svg+xml,%3Csvg%20xmlns%3D%22http%3A%2F%2Fwww.w3.org%2F2000%2Fsvg%22%20width%3D%22150%22%20height%3D%22150%22%20viewBox%3D%220%200%20150%20150%22%3E%3C%2Fsvg%3E\" loading=\"eager\"><\/span><span class=\"fg-image-overlay\"><\/span><\/a><\/figure><div class=\"fg-loader\"><\/div><\/div><\/div>\n\n<\/td>\n<\/tr>\n<tr>\n<td>\n<h2>&nbsp;<\/h2>\n<\/td>\n<\/tr>\n<tr>\n<td>1 ) Entrainement de Masse Minimes \/ Cadets au Comit\u00e9 de Judo de l\u2019Essonne le mercredi 14 Novembre 2018 : PHOTO N\u00b0 1Merci \u00e0 Antoine, Emma et Laur\u00e9na pour leur participation !\n<p>&nbsp;<\/p>\n<p>Prochain entrainement de Masse le mercredi 16 Janvier 2019 avec plus de participants Maissois cette fois !<\/p>\n<p>2 ) Bravo \u00e0 Antoine qui est s\u00e9lectionn\u00e9 par le Comit\u00e9 de Judo de l\u2019Essonne pour participer au Tournoi Minimes de TROYES le 23 D\u00e9cembre prochain.<\/p>\n<p>3) Championnats Ile de France BENJAMINES par EQUIPES de COMITES le Dimanche 9 D\u00e9cembre 2018 : PHOTO N\u00b0 2<\/p>\n<p>Valeska en \u2013 44 et Victoria en \u2013 57 ont \u00e9t\u00e9 s\u00e9lectionn\u00e9es par le Comit\u00e9 de Judo de l\u2019Essonne pour participer aux IDF par Equipes de Comit\u00e9s le 9 D\u00e9cembre prochain. F\u00e9licitations \u00e0 elles 2.<\/p>\n<p>4) Animation par Equipes de Clubs Mixtes POUSSINS \/ POUSSINES (2009 \/ 2010) le Samedi 1er D\u00e9cembre 2018 \u00e0 BRETIGNY SUR ORGE (Dojo R\u00e9gional \u2013 9 rue Albert Camus)<\/p>\n<p>Inscriptions 14 h 00.<\/p>\n<p>5 ) Secteur 1 BENJAMINS \/ BENJAMINES (2007 et 2008) le Dimanche 2 D\u00e9cembre 2018 \u00e0 BRETIGNY SUR ORGE (Dojo R\u00e9gional &#8211; 9 rue Albert Camus)<\/p>\n<p>Horaire des pes\u00e9es :<\/p>\n<p>13 h 30 \u00e0 14 h 15 : Masculins de \u2013 27 \u00e0 \u2013 38 kg<\/p>\n<p>15 h 00 \u00e0 15 h 45 : Masculins de \u2013 42 \u00e0 + 66 kg et toutes les F\u00e9minines<\/p>\n<p>PASSEPORT SPORTIF en r\u00e8gle \u2013 Ceinture Rouge obligatoire \u2013 T. Shirt Blanc sans manche obligatoire pour les filles<\/p>\n<\/td>\n<\/tr>\n<tr>\n<td>\n<h2>10\/11\/2018 &#8211; Coupe de Rentr\u00e9e BENJAMINES<\/h2>\n<ul>\n<li>-44 : Valeska VOLTAIRE : 1\u00e8re de sa poule et 1\u00e8re de son tableau<\/li>\n<li>-48 : Eline MARCILLE : Non class\u00e9e<\/li>\n<li>-57 : Victoria JAULME : 1\u00e8re de sa poule et 2\u00e8me de son tableau<\/li>\n<\/ul>\n<p>Tr\u00e8s beau parcours pour Valeska qui gagne la comp\u00e9tition. Victoria perd de justesse en finale apr\u00e8s de tr\u00e8s beaux combats et de \u00ab belles boites \u00bb. Eline perd au premier tour, puis rep\u00each\u00e9e perd son deuxi\u00e8me combat.<\/p>\n<p>Prochain rendez-vous pour toutes les BENJAMINES et tous les BENJAMINS le dimanche 2 D\u00e9cembre 2018 \u00e0 BRETIGNY SUR ORGE pour le secteur 1.<\/p>\n<\/td>\n<\/tr>\n<tr>\n<td>\n<h2>Les cat\u00e9gories d&rsquo;ages<\/h2>\n<table style=\"height: 240px;\">\n<tbody>\n<tr style=\"height: 24px;\">\n<td style=\"height: 24px; width: 207.9px;\"><strong>Cat\u00e9gorie<\/strong><\/td>\n<td style=\"height: 24px; width: 346.1px;\"><strong>Ann\u00e9e de naissance<\/strong><\/td>\n<\/tr>\n<tr style=\"height: 24px;\">\n<td style=\"height: 24px; width: 207.9px;\">Baby<\/td>\n<td style=\"height: 24px; width: 346.1px;\">2013\/2014<\/td>\n<\/tr>\n<tr style=\"height: 24px;\">\n<td style=\"height: 24px; width: 207.9px;\">Mini-Poussin<\/td>\n<td style=\"height: 24px; width: 346.1px;\">2011\/2012<\/td>\n<\/tr>\n<tr style=\"height: 24px;\">\n<td style=\"height: 24px; width: 207.9px;\">Poussin<\/td>\n<td style=\"height: 24px; width: 346.1px;\">2009\/2010<\/td>\n<\/tr>\n<tr style=\"height: 24px;\">\n<td style=\"height: 24px; width: 207.9px;\">Benjamin<\/td>\n<td style=\"height: 24px; width: 346.1px;\">2007\/2008<\/td>\n<\/tr>\n<tr style=\"height: 24px;\">\n<td style=\"height: 24px; width: 207.9px;\">Minime<\/td>\n<td style=\"height: 24px; width: 346.1px;\">2005\/2006<\/td>\n<\/tr>\n<tr style=\"height: 24px;\">\n<td style=\"height: 24px; width: 207.9px;\">Cadet<\/td>\n<td style=\"height: 24px; width: 346.1px;\">2002\/2003\/2004<\/td>\n<\/tr>\n<tr style=\"height: 24px;\">\n<td style=\"height: 24px; width: 207.9px;\">Junior<\/td>\n<td style=\"height: 24px; width: 346.1px;\">1999\/2000\/2001<\/td>\n<\/tr>\n<tr style=\"height: 24px;\">\n<td style=\"height: 24px; width: 207.9px;\">S\u00e9nior<\/td>\n<td style=\"height: 24px; width: 346.1px;\">1998 et avant<\/td>\n<\/tr>\n<tr style=\"height: 24px;\">\n<td style=\"height: 24px; width: 207.9px;\">V\u00e9t\u00e9ran<\/td>\n<td style=\"height: 24px; width: 346.1px;\">1988 et avant<\/td>\n<\/tr>\n<\/tbody>\n<\/table>\n<\/td>\n<\/tr>\n<tr>\n<td>\n<h2>14\/10\/2018 &#8211; Coupe de Rentr\u00e9e MINIMES<\/h2>\n<ul>\n<li style=\"list-style-type: none;\">\n<ul>-34 : Antoine DEMAILLY 2\u00e8me<\/ul>\n<\/li>\n<\/ul>\n<ul>\n<li style=\"list-style-type: none;\">\n<ul>-42 : Damien JOLY NC<\/ul>\n<\/li>\n<\/ul>\n<ul>\n<li style=\"list-style-type: none;\">\n<ul>-42 : Mathis HARDY NC<\/ul>\n<\/li>\n<\/ul>\n<ul>\n<li style=\"list-style-type: none;\">\n<ul>-50 : Titouan PULIGNY NC<\/ul>\n<\/li>\n<\/ul>\n<ul>\n<li style=\"list-style-type: none;\">\n<ul>-50 : Mathieu OUHAMED NC<\/ul>\n<\/li>\n<\/ul>\n<ul>\n<li style=\"list-style-type: none;\">\n<ul>-55 : Antoine GEDDA NC<\/ul>\n<\/li>\n<\/ul>\n<ul>\n<li style=\"list-style-type: none;\">\n<ul>-66 : Th\u00e9o ANASTASIO NC<\/ul>\n<\/li>\n<\/ul>\n<ul>\n<li style=\"list-style-type: none;\">\n<ul>-52 : Maelys UDO 3\u00e8me<\/ul>\n<\/li>\n<\/ul>\n<ul>-52 : Susie MONTAGNE NC<\/ul>\n<p>Antoine et Maelys int\u00e8grent le Groupe Essonne et d\u00e9fendront les couleurs du Judo Club Maissois, ainsi que du Comit\u00e9 de Judo de l\u2019Essonne pour la saison.<\/p>\n<p>Bravo \u00e0 tous et toutes pour votre engagement, continuez de travailler, d\u2019autres comp\u00e9titions arrivent !!!<\/p>\n<p>Etapes suivante : Tournoi de l\u2019Essonne MINIMES le 11 Novembre 2018 au Dojo R\u00e9gional de Br\u00e9tigny.<\/p>\n<\/td>\n<\/tr>\n<tr>\n<td>\n<h2>Le 07\/10\/2018 &#8211; Coupe rentr\u00e9e cadettes<\/h2>\n<p>F\u00e9licitations \u00e0 Flora Marcille qui Termine 3\u00e8me en -63<\/p>\n<\/td>\n<\/tr>\n<tr>\n<td>\n<h2>Le 29\/09\/2018 &#8211; Championnat Essonne 2nde Division<\/h2>\n<p>F\u00e9licitations \u00e0 Yann, notre professeur, qui se classe 2nd en -73 Kg ainsi qu&rsquo;\u00e0 Mathis, notre professeurs en alternance, qui se classe 3\u00e8me en -66 Kg (avec un golden score de plus de 25 minutes).<\/p>\n<p>Une pens\u00e9e aussi \u00e0 Bastien qui abandonne la comp\u00e9tition sur blessure, nous lui souhaitons un bon r\u00e9tablissement.<\/p>\n<\/td>\n<\/tr>\n<tr>\n<td>\n<h2>Championnat du monde de Bakou<\/h2>\n<h3>Le 27\/09\/2018<\/h3>\n<p><a href=\"https:\/\/jcmaisse.fr\/index.php\/accueil\/sans-titre-8\/\" rel=\"attachment wp-att-529\"><img data-recalc-dims=\"1\" loading=\"lazy\" decoding=\"async\" data-attachment-id=\"529\" data-permalink=\"https:\/\/jcmaisse.fr\/index.php\/acceuil\/sans-titre-8\/\" data-orig-file=\"https:\/\/i0.wp.com\/jcmaisse.fr\/wp-content\/uploads\/2018\/09\/Sans-titre-1.jpg?fit=1440%2C719&amp;ssl=1\" data-orig-size=\"1440,719\" data-comments-opened=\"1\" data-image-meta=\"{&quot;aperture&quot;:&quot;0&quot;,&quot;credit&quot;:&quot;&quot;,&quot;camera&quot;:&quot;&quot;,&quot;caption&quot;:&quot;&quot;,&quot;created_timestamp&quot;:&quot;0&quot;,&quot;copyright&quot;:&quot;&quot;,&quot;focal_length&quot;:&quot;0&quot;,&quot;iso&quot;:&quot;0&quot;,&quot;shutter_speed&quot;:&quot;0&quot;,&quot;title&quot;:&quot;&quot;,&quot;orientation&quot;:&quot;0&quot;}\" data-image-title=\"Sans titre\" data-image-description=\"\" data-image-caption=\"\" data-large-file=\"https:\/\/i0.wp.com\/jcmaisse.fr\/wp-content\/uploads\/2018\/09\/Sans-titre-1.jpg?fit=678%2C338&amp;ssl=1\" class=\"aligncenter size-large wp-image-529\" src=\"https:\/\/i0.wp.com\/jcmaisse.fr\/wp-content\/uploads\/2018\/09\/Sans-titre-1.jpg?resize=678%2C338&#038;ssl=1\" alt=\"\" height=\"338\" width=\"678\" srcset=\"https:\/\/i0.wp.com\/jcmaisse.fr\/wp-content\/uploads\/2018\/09\/Sans-titre-1.jpg?resize=1024%2C511&amp;ssl=1 1024w, https:\/\/i0.wp.com\/jcmaisse.fr\/wp-content\/uploads\/2018\/09\/Sans-titre-1.jpg?resize=300%2C150&amp;ssl=1 300w, https:\/\/i0.wp.com\/jcmaisse.fr\/wp-content\/uploads\/2018\/09\/Sans-titre-1.jpg?resize=768%2C383&amp;ssl=1 768w, https:\/\/i0.wp.com\/jcmaisse.fr\/wp-content\/uploads\/2018\/09\/Sans-titre-1.jpg?w=1440&amp;ssl=1 1440w, https:\/\/i0.wp.com\/jcmaisse.fr\/wp-content\/uploads\/2018\/09\/Sans-titre-1.jpg?w=1356&amp;ssl=1 1356w\" sizes=\"auto, (max-width: 678px) 100vw, 678px\" \/><\/a><br><a href=\"https:\/\/jcmaisse.fr\/index.php\/accueil\/screenshot_20180927-155011_lequipe\/\" rel=\"attachment wp-att-526\"><img data-recalc-dims=\"1\" loading=\"lazy\" decoding=\"async\" data-attachment-id=\"526\" data-permalink=\"https:\/\/jcmaisse.fr\/index.php\/acceuil\/screenshot_20180927-155011_lequipe\/\" data-orig-file=\"https:\/\/i0.wp.com\/jcmaisse.fr\/wp-content\/uploads\/2018\/09\/Screenshot_20180927-155011_L%C3%89quipe.jpg?fit=1422%2C2294&amp;ssl=1\" data-orig-size=\"1422,2294\" data-comments-opened=\"1\" data-image-meta=\"{&quot;aperture&quot;:&quot;0&quot;,&quot;credit&quot;:&quot;&quot;,&quot;camera&quot;:&quot;&quot;,&quot;caption&quot;:&quot;&quot;,&quot;created_timestamp&quot;:&quot;0&quot;,&quot;copyright&quot;:&quot;&quot;,&quot;focal_length&quot;:&quot;0&quot;,&quot;iso&quot;:&quot;0&quot;,&quot;shutter_speed&quot;:&quot;0&quot;,&quot;title&quot;:&quot;&quot;,&quot;orientation&quot;:&quot;0&quot;}\" data-image-title=\"Screenshot_20180927-155011_L&amp;rsquo;\u00c9quipe\" data-image-description=\"\" data-image-caption=\"\" data-large-file=\"https:\/\/i0.wp.com\/jcmaisse.fr\/wp-content\/uploads\/2018\/09\/Screenshot_20180927-155011_L%C3%89quipe.jpg?fit=635%2C1024&amp;ssl=1\" class=\"aligncenter size-large wp-image-526\" src=\"https:\/\/i0.wp.com\/jcmaisse.fr\/wp-content\/uploads\/2018\/09\/Screenshot_20180927-155011_L%C3%89quipe.jpg?resize=635%2C1024&#038;ssl=1\" alt=\"\" height=\"1024\" width=\"635\" srcset=\"https:\/\/i0.wp.com\/jcmaisse.fr\/wp-content\/uploads\/2018\/09\/Screenshot_20180927-155011_L%C3%89quipe.jpg?resize=635%2C1024&amp;ssl=1 635w, https:\/\/i0.wp.com\/jcmaisse.fr\/wp-content\/uploads\/2018\/09\/Screenshot_20180927-155011_L%C3%89quipe.jpg?resize=186%2C300&amp;ssl=1 186w, https:\/\/i0.wp.com\/jcmaisse.fr\/wp-content\/uploads\/2018\/09\/Screenshot_20180927-155011_L%C3%89quipe.jpg?resize=768%2C1239&amp;ssl=1 768w, https:\/\/i0.wp.com\/jcmaisse.fr\/wp-content\/uploads\/2018\/09\/Screenshot_20180927-155011_L%C3%89quipe.jpg?w=1422&amp;ssl=1 1422w, https:\/\/i0.wp.com\/jcmaisse.fr\/wp-content\/uploads\/2018\/09\/Screenshot_20180927-155011_L%C3%89quipe.jpg?w=1356&amp;ssl=1 1356w\" sizes=\"auto, (max-width: 635px) 100vw, 635px\" \/><\/a><\/p>\n<h3>Le 24\/09\/2018<\/h3>\n<p><a href=\"https:\/\/jcmaisse.fr\/index.php\/accueil\/sans-titre-7\/\" rel=\"attachment wp-att-518\"><img data-recalc-dims=\"1\" loading=\"lazy\" decoding=\"async\" data-attachment-id=\"518\" data-permalink=\"https:\/\/jcmaisse.fr\/index.php\/acceuil\/sans-titre-7\/\" data-orig-file=\"https:\/\/i0.wp.com\/jcmaisse.fr\/wp-content\/uploads\/2018\/09\/Sans-titre.jpg?fit=718%2C691&amp;ssl=1\" data-orig-size=\"718,691\" data-comments-opened=\"1\" data-image-meta=\"{&quot;aperture&quot;:&quot;0&quot;,&quot;credit&quot;:&quot;&quot;,&quot;camera&quot;:&quot;&quot;,&quot;caption&quot;:&quot;&quot;,&quot;created_timestamp&quot;:&quot;0&quot;,&quot;copyright&quot;:&quot;&quot;,&quot;focal_length&quot;:&quot;0&quot;,&quot;iso&quot;:&quot;0&quot;,&quot;shutter_speed&quot;:&quot;0&quot;,&quot;title&quot;:&quot;&quot;,&quot;orientation&quot;:&quot;0&quot;}\" data-image-title=\"Sans titre\" data-image-description=\"\" data-image-caption=\"\" data-large-file=\"https:\/\/i0.wp.com\/jcmaisse.fr\/wp-content\/uploads\/2018\/09\/Sans-titre.jpg?fit=678%2C653&amp;ssl=1\" class=\"aligncenter size-full wp-image-518\" src=\"https:\/\/i0.wp.com\/jcmaisse.fr\/wp-content\/uploads\/2018\/09\/Sans-titre.jpg?resize=678%2C653&#038;ssl=1\" alt=\"\" height=\"653\" width=\"678\" srcset=\"https:\/\/i0.wp.com\/jcmaisse.fr\/wp-content\/uploads\/2018\/09\/Sans-titre.jpg?w=718&amp;ssl=1 718w, https:\/\/i0.wp.com\/jcmaisse.fr\/wp-content\/uploads\/2018\/09\/Sans-titre.jpg?resize=300%2C289&amp;ssl=1 300w\" sizes=\"auto, (max-width: 678px) 100vw, 678px\" \/><\/a><\/p>\n<h3>Le 23\/09\/2018<\/h3>\n<p>Troisi\u00e8me titre mondial pour Clarisse Agbegnenou<a href=\"https:\/\/jcmaisse.fr\/index.php\/accueil\/20180923_154641\/\" rel=\"attachment wp-att-505\"><img data-recalc-dims=\"1\" loading=\"lazy\" decoding=\"async\" data-attachment-id=\"505\" data-permalink=\"https:\/\/jcmaisse.fr\/index.php\/acceuil\/20180923_154641\/\" data-orig-file=\"https:\/\/i0.wp.com\/jcmaisse.fr\/wp-content\/uploads\/2018\/09\/20180923_154641.jpg?fit=1273%2C663&amp;ssl=1\" data-orig-size=\"1273,663\" data-comments-opened=\"1\" data-image-meta=\"{&quot;aperture&quot;:&quot;2.4&quot;,&quot;credit&quot;:&quot;&quot;,&quot;camera&quot;:&quot;SM-G965F&quot;,&quot;caption&quot;:&quot;&quot;,&quot;created_timestamp&quot;:&quot;1537717601&quot;,&quot;copyright&quot;:&quot;&quot;,&quot;focal_length&quot;:&quot;4.3&quot;,&quot;iso&quot;:&quot;250&quot;,&quot;shutter_speed&quot;:&quot;0.01&quot;,&quot;title&quot;:&quot;&quot;,&quot;orientation&quot;:&quot;0&quot;}\" data-image-title=\"20180923_154641\" data-image-description=\"\" data-image-caption=\"\" data-large-file=\"https:\/\/i0.wp.com\/jcmaisse.fr\/wp-content\/uploads\/2018\/09\/20180923_154641.jpg?fit=678%2C353&amp;ssl=1\" class=\"aligncenter size-full wp-image-505\" src=\"https:\/\/i0.wp.com\/jcmaisse.fr\/wp-content\/uploads\/2018\/09\/20180923_154641.jpg?resize=678%2C353&#038;ssl=1\" alt=\"\" height=\"353\" width=\"678\" srcset=\"https:\/\/i0.wp.com\/jcmaisse.fr\/wp-content\/uploads\/2018\/09\/20180923_154641.jpg?w=1273&amp;ssl=1 1273w, https:\/\/i0.wp.com\/jcmaisse.fr\/wp-content\/uploads\/2018\/09\/20180923_154641.jpg?resize=300%2C156&amp;ssl=1 300w, https:\/\/i0.wp.com\/jcmaisse.fr\/wp-content\/uploads\/2018\/09\/20180923_154641.jpg?resize=768%2C400&amp;ssl=1 768w, https:\/\/i0.wp.com\/jcmaisse.fr\/wp-content\/uploads\/2018\/09\/20180923_154641.jpg?resize=1024%2C533&amp;ssl=1 1024w\" sizes=\"auto, (max-width: 678px) 100vw, 678px\" \/><\/a><\/p>\n<h3>Le 21\/09\/2018<\/h3>\n<p><a href=\"https:\/\/jcmaisse.fr\/index.php\/accueil\/sans-titre1\/\" rel=\"attachment wp-att-520\"><img data-recalc-dims=\"1\" loading=\"lazy\" decoding=\"async\" data-attachment-id=\"520\" data-permalink=\"https:\/\/jcmaisse.fr\/index.php\/acceuil\/sans-titre1\/\" data-orig-file=\"https:\/\/i0.wp.com\/jcmaisse.fr\/wp-content\/uploads\/2018\/09\/Sans-titre1.jpg?fit=471%2C256&amp;ssl=1\" data-orig-size=\"471,256\" data-comments-opened=\"0\" data-image-meta=\"{&quot;aperture&quot;:&quot;0&quot;,&quot;credit&quot;:&quot;&quot;,&quot;camera&quot;:&quot;&quot;,&quot;caption&quot;:&quot;&quot;,&quot;created_timestamp&quot;:&quot;0&quot;,&quot;copyright&quot;:&quot;&quot;,&quot;focal_length&quot;:&quot;0&quot;,&quot;iso&quot;:&quot;0&quot;,&quot;shutter_speed&quot;:&quot;0&quot;,&quot;title&quot;:&quot;&quot;,&quot;orientation&quot;:&quot;0&quot;}\" data-image-title=\"Sans titre1\" data-image-description=\"\" data-image-caption=\"\" data-large-file=\"https:\/\/i0.wp.com\/jcmaisse.fr\/wp-content\/uploads\/2018\/09\/Sans-titre1.jpg?fit=471%2C256&amp;ssl=1\" class=\"aligncenter size-full wp-image-520\" src=\"https:\/\/i0.wp.com\/jcmaisse.fr\/wp-content\/uploads\/2018\/09\/Sans-titre1.jpg?resize=471%2C256&#038;ssl=1\" alt=\"\" height=\"256\" width=\"471\" srcset=\"https:\/\/i0.wp.com\/jcmaisse.fr\/wp-content\/uploads\/2018\/09\/Sans-titre1.jpg?w=471&amp;ssl=1 471w, https:\/\/i0.wp.com\/jcmaisse.fr\/wp-content\/uploads\/2018\/09\/Sans-titre1.jpg?resize=300%2C163&amp;ssl=1 300w\" sizes=\"auto, (max-width: 471px) 100vw, 471px\" \/><\/a><\/p>\n<\/td>\n<\/tr>\n<tr>\n<td>\n<h2>Saison 2018\/2019 :<\/h2>\n<p>Les informations concernant l&rsquo;inscription de la saison 2018\/2019 sont disponibles:<br><a href=\"https:\/\/jcmaisse.fr\/wp-content\/uploads\/2018\/07\/JCMInsciption20182019.pdf\"><img data-recalc-dims=\"1\" loading=\"lazy\" decoding=\"async\" data-attachment-id=\"99\" data-permalink=\"https:\/\/jcmaisse.fr\/index.php\/infos-pratiques\/pdf-2\/\" data-orig-file=\"https:\/\/i0.wp.com\/jcmaisse.fr\/wp-content\/uploads\/2017\/11\/pdf-1.jpg?fit=56%2C69&amp;ssl=1\" data-orig-size=\"56,69\" data-comments-opened=\"0\" data-image-meta=\"{&quot;aperture&quot;:&quot;0&quot;,&quot;credit&quot;:&quot;&quot;,&quot;camera&quot;:&quot;&quot;,&quot;caption&quot;:&quot;&quot;,&quot;created_timestamp&quot;:&quot;0&quot;,&quot;copyright&quot;:&quot;&quot;,&quot;focal_length&quot;:&quot;0&quot;,&quot;iso&quot;:&quot;0&quot;,&quot;shutter_speed&quot;:&quot;0&quot;,&quot;title&quot;:&quot;&quot;,&quot;orientation&quot;:&quot;0&quot;}\" data-image-title=\"pdf\" data-image-description=\"\" data-image-caption=\"\" data-large-file=\"https:\/\/i0.wp.com\/jcmaisse.fr\/wp-content\/uploads\/2017\/11\/pdf-1.jpg?fit=56%2C69&amp;ssl=1\" class=\"aligncenter size-full wp-image-99\" src=\"https:\/\/i0.wp.com\/jcmaisse.fr\/wp-content\/uploads\/2017\/11\/pdf-1.jpg?resize=56%2C69&#038;ssl=1\" alt=\"\" height=\"69\" width=\"56\"><\/a><\/p>\n<h1><span style=\"color: #ff0000;\">Reprise des cours la semaine du 10 Septembre.<\/span><\/h1>\n<\/td>\n<\/tr>\n<tr>\n<td>Retrouver les informations des saisons pass\u00e9es dans le menu Archives<\/td>\n<\/tr>\n<\/tbody>\n<\/table>\n","protected":false},"excerpt":{"rendered":"<p>SORTIE DU 19 JUIN 2019 Le Judo Club Maissois organise le 19 Juin 2019 une sortie pour ses judokas n\u00e9(e)s entre 2015 et 2007 une sortie au parc BabyLand de <a class=\"more-link\" href=\"https:\/\/jcmaisse.fr\/index.php\/archives\/2018-2019\/\">Lire la suite \u2192<\/a><\/p>\n","protected":false},"author":1,"featured_media":0,"parent":480,"menu_order":0,"comment_status":"closed","ping_status":"closed","template":"","meta":{"ngg_post_thumbnail":0,"jetpack_post_was_ever_published":false,"footnotes":""},"class_list":["post-1082","page","type-page","status-publish","hentry"],"jetpack_sharing_enabled":true,"jetpack_shortlink":"https:\/\/wp.me\/P9pUva-hs","jetpack_likes_enabled":true,"jetpack-related-posts":[],"_links":{"self":[{"href":"https:\/\/jcmaisse.fr\/index.php\/wp-json\/wp\/v2\/pages\/1082","targetHints":{"allow":["GET"]}}],"collection":[{"href":"https:\/\/jcmaisse.fr\/index.php\/wp-json\/wp\/v2\/pages"}],"about":[{"href":"https:\/\/jcmaisse.fr\/index.php\/wp-json\/wp\/v2\/types\/page"}],"author":[{"embeddable":true,"href":"https:\/\/jcmaisse.fr\/index.php\/wp-json\/wp\/v2\/users\/1"}],"replies":[{"embeddable":true,"href":"https:\/\/jcmaisse.fr\/index.php\/wp-json\/wp\/v2\/comments?post=1082"}],"version-history":[{"count":3,"href":"https:\/\/jcmaisse.fr\/index.php\/wp-json\/wp\/v2\/pages\/1082\/revisions"}],"predecessor-version":[{"id":1086,"href":"https:\/\/jcmaisse.fr\/index.php\/wp-json\/wp\/v2\/pages\/1082\/revisions\/1086"}],"up":[{"embeddable":true,"href":"https:\/\/jcmaisse.fr\/index.php\/wp-json\/wp\/v2\/pages\/480"}],"wp:attachment":[{"href":"https:\/\/jcmaisse.fr\/index.php\/wp-json\/wp\/v2\/media?parent=1082"}],"curies":[{"name":"wp","href":"https:\/\/api.w.org\/{rel}","templated":true}]}}